{"id":1344,"date":"2022-02-13T16:19:54","date_gmt":"2022-02-13T16:19:54","guid":{"rendered":"https:\/\/ccargentina.org\/?page_id=1344"},"modified":"2025-01-17T12:06:24","modified_gmt":"2025-01-17T20:06:24","slug":"noticias","status":"publish","type":"page","link":"https:\/\/ccargentina.org\/index.php\/noticias\/","title":{"rendered":"Noticias"},"content":{"rendered":"\t\t<div data-elementor-type=\"wp-page\" data-elementor-id=\"1344\" class=\"elementor elementor-1344\" data-elementor-post-type=\"page\">\n\t\t\t\t\t\t<section class=\"elementor-section elementor-top-section elementor-element elementor-element-8127b92 elementor-section-boxed elementor-section-height-default elementor-section-height-default\" data-id=\"8127b92\" data-element_type=\"section\" data-e-type=\"section\">\n\t\t\t\t\t\t<div class=\"elementor-container elementor-column-gap-default\">\n\t\t\t\t\t<div class=\"elementor-column elementor-col-100 elementor-top-column elementor-element elementor-element-4ff7189\" data-id=\"4ff7189\" data-element_type=\"column\" data-e-type=\"column\">\n\t\t\t<div class=\"elementor-widget-wrap elementor-element-populated\">\n\t\t\t\t\t\t<div class=\"elementor-element elementor-element-c926f6f elementor-grid-3 elementor-grid-tablet-2 elementor-grid-mobile-1 elementor-posts--thumbnail-top elementor-widget elementor-widget-posts\" data-id=\"c926f6f\" data-element_type=\"widget\" data-e-type=\"widget\" data-settings=\"{&quot;classic_columns&quot;:&quot;3&quot;,&quot;classic_columns_tablet&quot;:&quot;2&quot;,&quot;classic_columns_mobile&quot;:&quot;1&quot;,&quot;classic_row_gap&quot;:{&quot;unit&quot;:&quot;px&quot;,&quot;size&quot;:35,&quot;sizes&quot;:[]},&quot;classic_row_gap_tablet&quot;:{&quot;unit&quot;:&quot;px&quot;,&quot;size&quot;:&quot;&quot;,&quot;sizes&quot;:[]},&quot;classic_row_gap_mobile&quot;:{&quot;unit&quot;:&quot;px&quot;,&quot;size&quot;:&quot;&quot;,&quot;sizes&quot;:[]}}\" data-widget_type=\"posts.classic\">\n\t\t\t\t<div class=\"elementor-widget-container\">\n\t\t\t\t\t\t\t<div class=\"elementor-posts-container elementor-posts elementor-posts--skin-classic elementor-grid\" role=\"list\">\n\t\t\t\t<article class=\"elementor-post elementor-grid-item post-2504 post type-post status-publish format-standard has-post-thumbnail hentry category-noticias\" role=\"listitem\">\n\t\t\t\t<a class=\"elementor-post__thumbnail__link\" href=\"https:\/\/ccargentina.org\/index.php\/2025\/01\/17\/capacitacion-de-lideres\/\" tabindex=\"-1\" >\n\t\t\t<div class=\"elementor-post__thumbnail\"><img fetchpriority=\"high\" decoding=\"async\" width=\"300\" height=\"225\" src=\"https:\/\/ccargentina.org\/wp-content\/uploads\/2023\/11\/capacita1-300x225.jpeg\" class=\"attachment-medium size-medium wp-image-2507\" alt=\"\" srcset=\"https:\/\/ccargentina.org\/wp-content\/uploads\/2023\/11\/capacita1-300x225.jpeg 300w, https:\/\/ccargentina.org\/wp-content\/uploads\/2023\/11\/capacita1-1024x768.jpeg 1024w, https:\/\/ccargentina.org\/wp-content\/uploads\/2023\/11\/capacita1-768x576.jpeg 768w, https:\/\/ccargentina.org\/wp-content\/uploads\/2023\/11\/capacita1.jpeg 1280w\" sizes=\"(max-width: 300px) 100vw, 300px\" \/><\/div>\n\t\t<\/a>\n\t\t\t\t<div class=\"elementor-post__text\">\n\t\t\t\t<h3 class=\"elementor-post__title\">\n\t\t\t<a href=\"https:\/\/ccargentina.org\/index.php\/2025\/01\/17\/capacitacion-de-lideres\/\" >\n\t\t\t\tCapacitaci\u00f3n de Lideres\t\t\t<\/a>\n\t\t<\/h3>\n\t\t\t\t<div class=\"elementor-post__meta-data\">\n\t\t\t\t\t<span class=\"elementor-post-date\">\n\t\t\t17 de enero de 2025\t\t<\/span>\n\t\t\t\t<span class=\"elementor-post-avatar\">\n\t\t\tNo hay comentarios\t\t<\/span>\n\t\t\t\t<\/div>\n\t\t\t\t<div class=\"elementor-post__excerpt\">\n\t\t\t<p>&nbsp; Capacitamos a l\u00edderes de la U 9 , U 31 y U 35 para llevar adelante el programa LPP con base en el evangelio<\/p>\n\t\t<\/div>\n\t\t\n\t\t<a class=\"elementor-post__read-more\" href=\"https:\/\/ccargentina.org\/index.php\/2025\/01\/17\/capacitacion-de-lideres\/\" aria-label=\"Read more about Capacitaci\u00f3n de Lideres\" tabindex=\"-1\" >\n\t\t\tLeer mas\t\t<\/a>\n\n\t\t\t\t<\/div>\n\t\t\t\t<\/article>\n\t\t\t\t<article class=\"elementor-post elementor-grid-item post-2410 post type-post status-publish format-standard has-post-thumbnail hentry category-noticias\" role=\"listitem\">\n\t\t\t\t<a class=\"elementor-post__thumbnail__link\" href=\"https:\/\/ccargentina.org\/index.php\/2025\/01\/17\/un-grupo-de-miembros-de-la-confraternidad-carcelaria-argentina-iniciaron-una-capacitacion-de-5-meses-en-la-facultad-de-ingenieria-de-la-universidad-nacional-de-la-plata\/\" tabindex=\"-1\" >\n\t\t\t<div class=\"elementor-post__thumbnail\"><img decoding=\"async\" width=\"300\" height=\"225\" src=\"https:\/\/ccargentina.org\/wp-content\/uploads\/2023\/05\/2-300x225.jpg\" class=\"attachment-medium size-medium wp-image-1976\" alt=\"\" srcset=\"https:\/\/ccargentina.org\/wp-content\/uploads\/2023\/05\/2-300x225.jpg 300w, https:\/\/ccargentina.org\/wp-content\/uploads\/2023\/05\/2-1024x768.jpg 1024w, https:\/\/ccargentina.org\/wp-content\/uploads\/2023\/05\/2-768x576.jpg 768w, https:\/\/ccargentina.org\/wp-content\/uploads\/2023\/05\/2-1536x1153.jpg 1536w, https:\/\/ccargentina.org\/wp-content\/uploads\/2023\/05\/2.jpg 1599w\" sizes=\"(max-width: 300px) 100vw, 300px\" \/><\/div>\n\t\t<\/a>\n\t\t\t\t<div class=\"elementor-post__text\">\n\t\t\t\t<h3 class=\"elementor-post__title\">\n\t\t\t<a href=\"https:\/\/ccargentina.org\/index.php\/2025\/01\/17\/un-grupo-de-miembros-de-la-confraternidad-carcelaria-argentina-iniciaron-una-capacitacion-de-5-meses-en-la-facultad-de-ingenieria-de-la-universidad-nacional-de-la-plata\/\" >\n\t\t\t\tUn grupo de miembros de la Confraternidad Carcelaria Argentina iniciaron una capacitaci\u00f3n de 5 meses en la Facultad de Ingenier\u00eda de la Universidad Nacional de La Plata.\t\t\t<\/a>\n\t\t<\/h3>\n\t\t\t\t<div class=\"elementor-post__meta-data\">\n\t\t\t\t\t<span class=\"elementor-post-date\">\n\t\t\t17 de enero de 2025\t\t<\/span>\n\t\t\t\t<span class=\"elementor-post-avatar\">\n\t\t\tNo hay comentarios\t\t<\/span>\n\t\t\t\t<\/div>\n\t\t\t\t<div class=\"elementor-post__excerpt\">\n\t\t\t<p>El Programa de Formaci\u00f3n en Gesti\u00f3n P\u00fablica se constituye en un espacio de estudio, an\u00e1lisis e intercambio de ideas, que nace como respuesta a las<\/p>\n\t\t<\/div>\n\t\t\n\t\t<a class=\"elementor-post__read-more\" href=\"https:\/\/ccargentina.org\/index.php\/2025\/01\/17\/un-grupo-de-miembros-de-la-confraternidad-carcelaria-argentina-iniciaron-una-capacitacion-de-5-meses-en-la-facultad-de-ingenieria-de-la-universidad-nacional-de-la-plata\/\" aria-label=\"Read more about Un grupo de miembros de la Confraternidad Carcelaria Argentina iniciaron una capacitaci\u00f3n de 5 meses en la Facultad de Ingenier\u00eda de la Universidad Nacional de La Plata.\" tabindex=\"-1\" >\n\t\t\tLeer mas\t\t<\/a>\n\n\t\t\t\t<\/div>\n\t\t\t\t<\/article>\n\t\t\t\t<article class=\"elementor-post elementor-grid-item post-2142 post type-post status-publish format-standard has-post-thumbnail hentry category-noticias\" role=\"listitem\">\n\t\t\t\t<a class=\"elementor-post__thumbnail__link\" href=\"https:\/\/ccargentina.org\/index.php\/2025\/01\/17\/s\/\" tabindex=\"-1\" >\n\t\t\t<div class=\"elementor-post__thumbnail\"><img decoding=\"async\" width=\"300\" height=\"255\" src=\"https:\/\/ccargentina.org\/wp-content\/uploads\/2023\/11\/ulti-1-300x255.jpeg\" class=\"attachment-medium size-medium wp-image-2121\" alt=\"\" srcset=\"https:\/\/ccargentina.org\/wp-content\/uploads\/2023\/11\/ulti-1-300x255.jpeg 300w, https:\/\/ccargentina.org\/wp-content\/uploads\/2023\/11\/ulti-1-1024x869.jpeg 1024w, https:\/\/ccargentina.org\/wp-content\/uploads\/2023\/11\/ulti-1-768x652.jpeg 768w, https:\/\/ccargentina.org\/wp-content\/uploads\/2023\/11\/ulti-1.jpeg 1080w\" sizes=\"(max-width: 300px) 100vw, 300px\" \/><\/div>\n\t\t<\/a>\n\t\t\t\t<div class=\"elementor-post__text\">\n\t\t\t\t<h3 class=\"elementor-post__title\">\n\t\t\t<a href=\"https:\/\/ccargentina.org\/index.php\/2025\/01\/17\/s\/\" >\n\t\t\t\tS\u00famate\t\t\t<\/a>\n\t\t<\/h3>\n\t\t\t\t<div class=\"elementor-post__meta-data\">\n\t\t\t\t\t<span class=\"elementor-post-date\">\n\t\t\t17 de enero de 2025\t\t<\/span>\n\t\t\t\t<span class=\"elementor-post-avatar\">\n\t\t\tNo hay comentarios\t\t<\/span>\n\t\t\t\t<\/div>\n\t\t\t\t<div class=\"elementor-post__excerpt\">\n\t\t\t<p>S\u00famate Desde la Confraternidad Carcelaria Argentina estamos buscando personas comprometidas en difundir el amor con acciones concretas. Existen muchas \u00e1reas de servicio en la que<\/p>\n\t\t<\/div>\n\t\t\n\t\t<a class=\"elementor-post__read-more\" href=\"https:\/\/ccargentina.org\/index.php\/2025\/01\/17\/s\/\" aria-label=\"Read more about S\u00famate\" tabindex=\"-1\" >\n\t\t\tLeer mas\t\t<\/a>\n\n\t\t\t\t<\/div>\n\t\t\t\t<\/article>\n\t\t\t\t<article class=\"elementor-post elementor-grid-item post-2496 post type-post status-publish format-standard has-post-thumbnail hentry category-noticias\" role=\"listitem\">\n\t\t\t\t<a class=\"elementor-post__thumbnail__link\" href=\"https:\/\/ccargentina.org\/index.php\/2025\/01\/17\/informe-mensual-de-los-grupos\/\" tabindex=\"-1\" >\n\t\t\t<div class=\"elementor-post__thumbnail\"><img loading=\"lazy\" decoding=\"async\" width=\"300\" height=\"225\" src=\"https:\/\/ccargentina.org\/wp-content\/uploads\/2023\/11\/Informe-mensual-300x225.jpeg\" class=\"attachment-medium size-medium wp-image-2497\" alt=\"\" srcset=\"https:\/\/ccargentina.org\/wp-content\/uploads\/2023\/11\/Informe-mensual-300x225.jpeg 300w, https:\/\/ccargentina.org\/wp-content\/uploads\/2023\/11\/Informe-mensual-1024x768.jpeg 1024w, https:\/\/ccargentina.org\/wp-content\/uploads\/2023\/11\/Informe-mensual-768x576.jpeg 768w, https:\/\/ccargentina.org\/wp-content\/uploads\/2023\/11\/Informe-mensual.jpeg 1280w\" sizes=\"(max-width: 300px) 100vw, 300px\" \/><\/div>\n\t\t<\/a>\n\t\t\t\t<div class=\"elementor-post__text\">\n\t\t\t\t<h3 class=\"elementor-post__title\">\n\t\t\t<a href=\"https:\/\/ccargentina.org\/index.php\/2025\/01\/17\/informe-mensual-de-los-grupos\/\" >\n\t\t\t\tInforme mensual de los grupos\t\t\t<\/a>\n\t\t<\/h3>\n\t\t\t\t<div class=\"elementor-post__meta-data\">\n\t\t\t\t\t<span class=\"elementor-post-date\">\n\t\t\t17 de enero de 2025\t\t<\/span>\n\t\t\t\t<span class=\"elementor-post-avatar\">\n\t\t\tNo hay comentarios\t\t<\/span>\n\t\t\t\t<\/div>\n\t\t\t\t<div class=\"elementor-post__excerpt\">\n\t\t\t<p>Informe mensual sobre los diferentes programas.<\/p>\n\t\t<\/div>\n\t\t\n\t\t<a class=\"elementor-post__read-more\" href=\"https:\/\/ccargentina.org\/index.php\/2025\/01\/17\/informe-mensual-de-los-grupos\/\" aria-label=\"Read more about Informe mensual de los grupos\" tabindex=\"-1\" >\n\t\t\tLeer mas\t\t<\/a>\n\n\t\t\t\t<\/div>\n\t\t\t\t<\/article>\n\t\t\t\t<article class=\"elementor-post elementor-grid-item post-2482 post type-post status-publish format-standard has-post-thumbnail hentry category-noticias\" role=\"listitem\">\n\t\t\t\t<a class=\"elementor-post__thumbnail__link\" href=\"https:\/\/ccargentina.org\/index.php\/2025\/01\/17\/entrega-de-diplomas-2\/\" tabindex=\"-1\" >\n\t\t\t<div class=\"elementor-post__thumbnail\"><img loading=\"lazy\" decoding=\"async\" width=\"300\" height=\"225\" src=\"https:\/\/ccargentina.org\/wp-content\/uploads\/2023\/11\/ce1-300x225.jpeg\" class=\"attachment-medium size-medium wp-image-2484\" alt=\"\" srcset=\"https:\/\/ccargentina.org\/wp-content\/uploads\/2023\/11\/ce1-300x225.jpeg 300w, https:\/\/ccargentina.org\/wp-content\/uploads\/2023\/11\/ce1-1024x768.jpeg 1024w, https:\/\/ccargentina.org\/wp-content\/uploads\/2023\/11\/ce1-768x576.jpeg 768w, https:\/\/ccargentina.org\/wp-content\/uploads\/2023\/11\/ce1.jpeg 1280w\" sizes=\"(max-width: 300px) 100vw, 300px\" \/><\/div>\n\t\t<\/a>\n\t\t\t\t<div class=\"elementor-post__text\">\n\t\t\t\t<h3 class=\"elementor-post__title\">\n\t\t\t<a href=\"https:\/\/ccargentina.org\/index.php\/2025\/01\/17\/entrega-de-diplomas-2\/\" >\n\t\t\t\tEntrega de diplomas\t\t\t<\/a>\n\t\t<\/h3>\n\t\t\t\t<div class=\"elementor-post__meta-data\">\n\t\t\t\t\t<span class=\"elementor-post-date\">\n\t\t\t17 de enero de 2025\t\t<\/span>\n\t\t\t\t<span class=\"elementor-post-avatar\">\n\t\t\tNo hay comentarios\t\t<\/span>\n\t\t\t\t<\/div>\n\t\t\t\t<div class=\"elementor-post__excerpt\">\n\t\t\t<p>A\u00f1ade aqu\u00ed tu texto de cabecera Entrega de diplomas a quienes terminaron el programa y adem\u00e1s les regalamos biblias de discipulado para el seguimiento de<\/p>\n\t\t<\/div>\n\t\t\n\t\t<a class=\"elementor-post__read-more\" href=\"https:\/\/ccargentina.org\/index.php\/2025\/01\/17\/entrega-de-diplomas-2\/\" aria-label=\"Read more about Entrega de diplomas\" tabindex=\"-1\" >\n\t\t\tLeer mas\t\t<\/a>\n\n\t\t\t\t<\/div>\n\t\t\t\t<\/article>\n\t\t\t\t<article class=\"elementor-post elementor-grid-item post-2426 post type-post status-publish format-standard has-post-thumbnail hentry category-noticias\" role=\"listitem\">\n\t\t\t\t<a class=\"elementor-post__thumbnail__link\" href=\"https:\/\/ccargentina.org\/index.php\/2025\/01\/17\/la-confraternidad-carcelaria-de-argentina-visitando-el-colegio-de-abogados\/\" tabindex=\"-1\" >\n\t\t\t<div class=\"elementor-post__thumbnail\"><img loading=\"lazy\" decoding=\"async\" width=\"300\" height=\"142\" src=\"https:\/\/ccargentina.org\/wp-content\/uploads\/2023\/04\/WhatsApp-Image-2023-04-25-at-17.39.00-300x142.jpeg\" class=\"attachment-medium size-medium wp-image-1921\" alt=\"\" srcset=\"https:\/\/ccargentina.org\/wp-content\/uploads\/2023\/04\/WhatsApp-Image-2023-04-25-at-17.39.00-300x142.jpeg 300w, https:\/\/ccargentina.org\/wp-content\/uploads\/2023\/04\/WhatsApp-Image-2023-04-25-at-17.39.00-1024x483.jpeg 1024w, https:\/\/ccargentina.org\/wp-content\/uploads\/2023\/04\/WhatsApp-Image-2023-04-25-at-17.39.00-768x362.jpeg 768w, https:\/\/ccargentina.org\/wp-content\/uploads\/2023\/04\/WhatsApp-Image-2023-04-25-at-17.39.00.jpeg 1280w\" sizes=\"(max-width: 300px) 100vw, 300px\" \/><\/div>\n\t\t<\/a>\n\t\t\t\t<div class=\"elementor-post__text\">\n\t\t\t\t<h3 class=\"elementor-post__title\">\n\t\t\t<a href=\"https:\/\/ccargentina.org\/index.php\/2025\/01\/17\/la-confraternidad-carcelaria-de-argentina-visitando-el-colegio-de-abogados\/\" >\n\t\t\t\tLa Confraternidad Carcelaria de Argentina visitando el colegio de abogados.\t\t\t<\/a>\n\t\t<\/h3>\n\t\t\t\t<div class=\"elementor-post__meta-data\">\n\t\t\t\t\t<span class=\"elementor-post-date\">\n\t\t\t17 de enero de 2025\t\t<\/span>\n\t\t\t\t<span class=\"elementor-post-avatar\">\n\t\t\tNo hay comentarios\t\t<\/span>\n\t\t\t\t<\/div>\n\t\t\t\t<div class=\"elementor-post__excerpt\">\n\t\t\t<p>El presidente de la confraternidad de Colombia dio una charla sobre justicia restaurativa y mostr\u00f3 algunas de las im\u00e1genes de las experiencias que ellos vivieron<\/p>\n\t\t<\/div>\n\t\t\n\t\t<a class=\"elementor-post__read-more\" href=\"https:\/\/ccargentina.org\/index.php\/2025\/01\/17\/la-confraternidad-carcelaria-de-argentina-visitando-el-colegio-de-abogados\/\" aria-label=\"Read more about La Confraternidad Carcelaria de Argentina visitando el colegio de abogados.\" tabindex=\"-1\" >\n\t\t\tLeer mas\t\t<\/a>\n\n\t\t\t\t<\/div>\n\t\t\t\t<\/article>\n\t\t\t\t<article class=\"elementor-post elementor-grid-item post-2413 post type-post status-publish format-standard has-post-thumbnail hentry category-noticias\" role=\"listitem\">\n\t\t\t\t<a class=\"elementor-post__thumbnail__link\" href=\"https:\/\/ccargentina.org\/index.php\/2025\/01\/17\/una-de-las-unidades-seleccionadas-para-implementar-la-peregrinacion-del-prisionero-es-la-unidad-9-de-la-plata-durante-este-primer-ano-de-implementacion\/\" tabindex=\"-1\" >\n\t\t\t<div class=\"elementor-post__thumbnail\"><img loading=\"lazy\" decoding=\"async\" width=\"300\" height=\"300\" src=\"https:\/\/ccargentina.org\/wp-content\/uploads\/2023\/05\/cca1-300x300.jpg\" class=\"attachment-medium size-medium wp-image-2018\" alt=\"\" srcset=\"https:\/\/ccargentina.org\/wp-content\/uploads\/2023\/05\/cca1-300x300.jpg 300w, https:\/\/ccargentina.org\/wp-content\/uploads\/2023\/05\/cca1-1024x1024.jpg 1024w, https:\/\/ccargentina.org\/wp-content\/uploads\/2023\/05\/cca1-150x150.jpg 150w, https:\/\/ccargentina.org\/wp-content\/uploads\/2023\/05\/cca1-768x768.jpg 768w, https:\/\/ccargentina.org\/wp-content\/uploads\/2023\/05\/cca1-1536x1536.jpg 1536w, https:\/\/ccargentina.org\/wp-content\/uploads\/2023\/05\/cca1.jpg 1600w\" sizes=\"(max-width: 300px) 100vw, 300px\" \/><\/div>\n\t\t<\/a>\n\t\t\t\t<div class=\"elementor-post__text\">\n\t\t\t\t<h3 class=\"elementor-post__title\">\n\t\t\t<a href=\"https:\/\/ccargentina.org\/index.php\/2025\/01\/17\/una-de-las-unidades-seleccionadas-para-implementar-la-peregrinacion-del-prisionero-es-la-unidad-9-de-la-plata-durante-este-primer-ano-de-implementacion\/\" >\n\t\t\t\tUna de las Unidades seleccionadas para implementar La Peregrinaci\u00f3n del Prisionero es la Unidad 9 de La Plata durante este primer a\u00f1o de implementaci\u00f3n.\t\t\t<\/a>\n\t\t<\/h3>\n\t\t\t\t<div class=\"elementor-post__meta-data\">\n\t\t\t\t\t<span class=\"elementor-post-date\">\n\t\t\t17 de enero de 2025\t\t<\/span>\n\t\t\t\t<span class=\"elementor-post-avatar\">\n\t\t\tNo hay comentarios\t\t<\/span>\n\t\t\t\t<\/div>\n\t\t\t\t<div class=\"elementor-post__excerpt\">\n\t\t\t<p>Un grupo de voluntarios internos ya fueron capacitados como Facilitadores y est\u00e1n comenzando con las primeras clases para graduarse del curso que consta de 8<\/p>\n\t\t<\/div>\n\t\t\n\t\t<a class=\"elementor-post__read-more\" href=\"https:\/\/ccargentina.org\/index.php\/2025\/01\/17\/una-de-las-unidades-seleccionadas-para-implementar-la-peregrinacion-del-prisionero-es-la-unidad-9-de-la-plata-durante-este-primer-ano-de-implementacion\/\" aria-label=\"Read more about Una de las Unidades seleccionadas para implementar La Peregrinaci\u00f3n del Prisionero es la Unidad 9 de La Plata durante este primer a\u00f1o de implementaci\u00f3n.\" tabindex=\"-1\" >\n\t\t\tLeer mas\t\t<\/a>\n\n\t\t\t\t<\/div>\n\t\t\t\t<\/article>\n\t\t\t\t<article class=\"elementor-post elementor-grid-item post-2155 post type-post status-publish format-standard has-post-thumbnail hentry category-noticias\" role=\"listitem\">\n\t\t\t\t<a class=\"elementor-post__thumbnail__link\" href=\"https:\/\/ccargentina.org\/index.php\/2025\/01\/17\/entrega-de-diplomas\/\" tabindex=\"-1\" >\n\t\t\t<div class=\"elementor-post__thumbnail\"><img loading=\"lazy\" decoding=\"async\" width=\"300\" height=\"225\" src=\"https:\/\/ccargentina.org\/wp-content\/uploads\/2023\/09\/diplomaaa-300x225.jpg\" class=\"attachment-medium size-medium wp-image-2082\" alt=\"\" srcset=\"https:\/\/ccargentina.org\/wp-content\/uploads\/2023\/09\/diplomaaa-300x225.jpg 300w, https:\/\/ccargentina.org\/wp-content\/uploads\/2023\/09\/diplomaaa-1024x768.jpg 1024w, https:\/\/ccargentina.org\/wp-content\/uploads\/2023\/09\/diplomaaa-768x576.jpg 768w, https:\/\/ccargentina.org\/wp-content\/uploads\/2023\/09\/diplomaaa-1536x1152.jpg 1536w, https:\/\/ccargentina.org\/wp-content\/uploads\/2023\/09\/diplomaaa-2048x1536.jpg 2048w\" sizes=\"(max-width: 300px) 100vw, 300px\" \/><\/div>\n\t\t<\/a>\n\t\t\t\t<div class=\"elementor-post__text\">\n\t\t\t\t<h3 class=\"elementor-post__title\">\n\t\t\t<a href=\"https:\/\/ccargentina.org\/index.php\/2025\/01\/17\/entrega-de-diplomas\/\" >\n\t\t\t\tEntrega de Diplomas\t\t\t<\/a>\n\t\t<\/h3>\n\t\t\t\t<div class=\"elementor-post__meta-data\">\n\t\t\t\t\t<span class=\"elementor-post-date\">\n\t\t\t17 de enero de 2025\t\t<\/span>\n\t\t\t\t<span class=\"elementor-post-avatar\">\n\t\t\tNo hay comentarios\t\t<\/span>\n\t\t\t\t<\/div>\n\t\t\t\t<div class=\"elementor-post__excerpt\">\n\t\t\t<p>Entrega de diplomas Comenzamos la entrega de los diplomas y biblias en diferentes unidades carcelarias, para aquellos que completaron el programa La Peregrinaci\u00f3n del Prisionero.<\/p>\n\t\t<\/div>\n\t\t\n\t\t<a class=\"elementor-post__read-more\" href=\"https:\/\/ccargentina.org\/index.php\/2025\/01\/17\/entrega-de-diplomas\/\" aria-label=\"Read more about Entrega de Diplomas\" tabindex=\"-1\" >\n\t\t\tLeer mas\t\t<\/a>\n\n\t\t\t\t<\/div>\n\t\t\t\t<\/article>\n\t\t\t\t<article class=\"elementor-post elementor-grid-item post-2755 post type-post status-publish format-standard has-post-thumbnail hentry category-noticias\" role=\"listitem\">\n\t\t\t\t<a class=\"elementor-post__thumbnail__link\" href=\"https:\/\/ccargentina.org\/index.php\/2025\/01\/17\/encuentros-de-orientacion-para-familiares-de-personas-en-consumo\/\" tabindex=\"-1\" >\n\t\t\t<div class=\"elementor-post__thumbnail\"><img loading=\"lazy\" decoding=\"async\" width=\"212\" height=\"300\" src=\"https:\/\/ccargentina.org\/wp-content\/uploads\/2024\/05\/FB_IMG_1717206688007-212x300.jpg\" class=\"attachment-medium size-medium wp-image-2756\" alt=\"\" srcset=\"https:\/\/ccargentina.org\/wp-content\/uploads\/2024\/05\/FB_IMG_1717206688007-212x300.jpg 212w, https:\/\/ccargentina.org\/wp-content\/uploads\/2024\/05\/FB_IMG_1717206688007-724x1024.jpg 724w, https:\/\/ccargentina.org\/wp-content\/uploads\/2024\/05\/FB_IMG_1717206688007-768x1087.jpg 768w, https:\/\/ccargentina.org\/wp-content\/uploads\/2024\/05\/FB_IMG_1717206688007.jpg 1080w\" sizes=\"(max-width: 212px) 100vw, 212px\" \/><\/div>\n\t\t<\/a>\n\t\t\t\t<div class=\"elementor-post__text\">\n\t\t\t\t<h3 class=\"elementor-post__title\">\n\t\t\t<a href=\"https:\/\/ccargentina.org\/index.php\/2025\/01\/17\/encuentros-de-orientacion-para-familiares-de-personas-en-consumo\/\" >\n\t\t\t\tEncuentros de orientaci\u00f3n para familiares de personas en consumo\t\t\t<\/a>\n\t\t<\/h3>\n\t\t\t\t<div class=\"elementor-post__meta-data\">\n\t\t\t\t\t<span class=\"elementor-post-date\">\n\t\t\t17 de enero de 2025\t\t<\/span>\n\t\t\t\t<span class=\"elementor-post-avatar\">\n\t\t\tNo hay comentarios\t\t<\/span>\n\t\t\t\t<\/div>\n\t\t\t\t<div class=\"elementor-post__excerpt\">\n\t\t\t<p>En el Programa de adicciones La Verdad te har\u00e1 libre estamos comenzando nuevas propuestas de capacitaci\u00f3n. El jueves 13 de junio a las 18 horas<\/p>\n\t\t<\/div>\n\t\t\n\t\t<a class=\"elementor-post__read-more\" href=\"https:\/\/ccargentina.org\/index.php\/2025\/01\/17\/encuentros-de-orientacion-para-familiares-de-personas-en-consumo\/\" aria-label=\"Read more about Encuentros de orientaci\u00f3n para familiares de personas en consumo\" tabindex=\"-1\" >\n\t\t\tLeer mas\t\t<\/a>\n\n\t\t\t\t<\/div>\n\t\t\t\t<\/article>\n\t\t\t\t<article class=\"elementor-post elementor-grid-item post-2748 post type-post status-publish format-standard has-post-thumbnail hentry category-noticias\" role=\"listitem\">\n\t\t\t\t<a class=\"elementor-post__thumbnail__link\" href=\"https:\/\/ccargentina.org\/index.php\/2025\/01\/17\/participa-de-esta-invitacion-especial\/\" tabindex=\"-1\" >\n\t\t\t<div class=\"elementor-post__thumbnail\"><img loading=\"lazy\" decoding=\"async\" width=\"300\" height=\"158\" src=\"https:\/\/ccargentina.org\/wp-content\/uploads\/2024\/04\/Screenshot_20240423-000005-300x158.png\" class=\"attachment-medium size-medium wp-image-2753\" alt=\"\" srcset=\"https:\/\/ccargentina.org\/wp-content\/uploads\/2024\/04\/Screenshot_20240423-000005-300x158.png 300w, https:\/\/ccargentina.org\/wp-content\/uploads\/2024\/04\/Screenshot_20240423-000005-1024x538.png 1024w, https:\/\/ccargentina.org\/wp-content\/uploads\/2024\/04\/Screenshot_20240423-000005-768x403.png 768w, https:\/\/ccargentina.org\/wp-content\/uploads\/2024\/04\/Screenshot_20240423-000005.png 1080w\" sizes=\"(max-width: 300px) 100vw, 300px\" \/><\/div>\n\t\t<\/a>\n\t\t\t\t<div class=\"elementor-post__text\">\n\t\t\t\t<h3 class=\"elementor-post__title\">\n\t\t\t<a href=\"https:\/\/ccargentina.org\/index.php\/2025\/01\/17\/participa-de-esta-invitacion-especial\/\" >\n\t\t\t\tParticipa de est\u00e1 Invitaci\u00f3n especial\t\t\t<\/a>\n\t\t<\/h3>\n\t\t\t\t<div class=\"elementor-post__meta-data\">\n\t\t\t\t\t<span class=\"elementor-post-date\">\n\t\t\t17 de enero de 2025\t\t<\/span>\n\t\t\t\t<span class=\"elementor-post-avatar\">\n\t\t\tNo hay comentarios\t\t<\/span>\n\t\t\t\t<\/div>\n\t\t\t\t<div class=\"elementor-post__excerpt\">\n\t\t\t<p>Es un placer para la Confraternidad Carcelaria Argentina hacer extensiva la invitaci\u00f3n de la Fraternidad Brasile\u00f1a de Asistencia a los Condenados (FBAC) para participar en<\/p>\n\t\t<\/div>\n\t\t\n\t\t<a class=\"elementor-post__read-more\" href=\"https:\/\/ccargentina.org\/index.php\/2025\/01\/17\/participa-de-esta-invitacion-especial\/\" aria-label=\"Read more about Participa de est\u00e1 Invitaci\u00f3n especial\" tabindex=\"-1\" >\n\t\t\tLeer mas\t\t<\/a>\n\n\t\t\t\t<\/div>\n\t\t\t\t<\/article>\n\t\t\t\t<article class=\"elementor-post elementor-grid-item post-2744 post type-post status-publish format-standard has-post-thumbnail hentry category-noticias\" role=\"listitem\">\n\t\t\t\t<a class=\"elementor-post__thumbnail__link\" href=\"https:\/\/ccargentina.org\/index.php\/2025\/01\/17\/nueva-capacitacion-de-voluntarios-2\/\" tabindex=\"-1\" >\n\t\t\t<div class=\"elementor-post__thumbnail\"><img loading=\"lazy\" decoding=\"async\" width=\"300\" height=\"208\" src=\"https:\/\/ccargentina.org\/wp-content\/uploads\/2024\/04\/FB_IMG_17123982986692-300x208.jpg\" class=\"attachment-medium size-medium wp-image-2743\" alt=\"\" srcset=\"https:\/\/ccargentina.org\/wp-content\/uploads\/2024\/04\/FB_IMG_17123982986692-300x208.jpg 300w, https:\/\/ccargentina.org\/wp-content\/uploads\/2024\/04\/FB_IMG_17123982986692-1024x708.jpg 1024w, https:\/\/ccargentina.org\/wp-content\/uploads\/2024\/04\/FB_IMG_17123982986692-768x531.jpg 768w, https:\/\/ccargentina.org\/wp-content\/uploads\/2024\/04\/FB_IMG_17123982986692.jpg 1080w\" sizes=\"(max-width: 300px) 100vw, 300px\" \/><\/div>\n\t\t<\/a>\n\t\t\t\t<div class=\"elementor-post__text\">\n\t\t\t\t<h3 class=\"elementor-post__title\">\n\t\t\t<a href=\"https:\/\/ccargentina.org\/index.php\/2025\/01\/17\/nueva-capacitacion-de-voluntarios-2\/\" >\n\t\t\t\tNueva capacitaci\u00f3n de voluntarios\t\t\t<\/a>\n\t\t<\/h3>\n\t\t\t\t<div class=\"elementor-post__meta-data\">\n\t\t\t\t\t<span class=\"elementor-post-date\">\n\t\t\t17 de enero de 2025\t\t<\/span>\n\t\t\t\t<span class=\"elementor-post-avatar\">\n\t\t\tNo hay comentarios\t\t<\/span>\n\t\t\t\t<\/div>\n\t\t\t\t<div class=\"elementor-post__excerpt\">\n\t\t\t<p>Estamos comenzando el a\u00f1o 2 de implementaci\u00f3n del Programa La Peregrinaci\u00f3n del Prisionero. &nbsp; Nos preparamos para una nueva capacitaci\u00f3n de voluntarios\u00a0 , que deseen<\/p>\n\t\t<\/div>\n\t\t\n\t\t<a class=\"elementor-post__read-more\" href=\"https:\/\/ccargentina.org\/index.php\/2025\/01\/17\/nueva-capacitacion-de-voluntarios-2\/\" aria-label=\"Read more about Nueva capacitaci\u00f3n de voluntarios\" tabindex=\"-1\" >\n\t\t\tLeer mas\t\t<\/a>\n\n\t\t\t\t<\/div>\n\t\t\t\t<\/article>\n\t\t\t\t<article class=\"elementor-post elementor-grid-item post-2720 post type-post status-publish format-standard has-post-thumbnail hentry category-noticias\" role=\"listitem\">\n\t\t\t\t<a class=\"elementor-post__thumbnail__link\" href=\"https:\/\/ccargentina.org\/index.php\/2025\/01\/17\/vos-podes-ser-parte-sumate\/\" tabindex=\"-1\" >\n\t\t\t<div class=\"elementor-post__thumbnail\"><img loading=\"lazy\" decoding=\"async\" width=\"300\" height=\"300\" src=\"https:\/\/ccargentina.org\/wp-content\/uploads\/2024\/03\/Picsart_24-03-21_07-44-27-517-300x300.jpg\" class=\"attachment-medium size-medium wp-image-2729\" alt=\"\" srcset=\"https:\/\/ccargentina.org\/wp-content\/uploads\/2024\/03\/Picsart_24-03-21_07-44-27-517-300x300.jpg 300w, https:\/\/ccargentina.org\/wp-content\/uploads\/2024\/03\/Picsart_24-03-21_07-44-27-517-1024x1024.jpg 1024w, https:\/\/ccargentina.org\/wp-content\/uploads\/2024\/03\/Picsart_24-03-21_07-44-27-517-150x150.jpg 150w, https:\/\/ccargentina.org\/wp-content\/uploads\/2024\/03\/Picsart_24-03-21_07-44-27-517-768x768.jpg 768w, https:\/\/ccargentina.org\/wp-content\/uploads\/2024\/03\/Picsart_24-03-21_07-44-27-517-1536x1536.jpg 1536w, https:\/\/ccargentina.org\/wp-content\/uploads\/2024\/03\/Picsart_24-03-21_07-44-27-517-2048x2048.jpg 2048w\" sizes=\"(max-width: 300px) 100vw, 300px\" \/><\/div>\n\t\t<\/a>\n\t\t\t\t<div class=\"elementor-post__text\">\n\t\t\t\t<h3 class=\"elementor-post__title\">\n\t\t\t<a href=\"https:\/\/ccargentina.org\/index.php\/2025\/01\/17\/vos-podes-ser-parte-sumate\/\" >\n\t\t\t\tVos pod\u00e9s ser parte, s\u00famate.\t\t\t<\/a>\n\t\t<\/h3>\n\t\t\t\t<div class=\"elementor-post__meta-data\">\n\t\t\t\t\t<span class=\"elementor-post-date\">\n\t\t\t17 de enero de 2025\t\t<\/span>\n\t\t\t\t<span class=\"elementor-post-avatar\">\n\t\t\tNo hay comentarios\t\t<\/span>\n\t\t\t\t<\/div>\n\t\t\t\t<div class=\"elementor-post__excerpt\">\n\t\t\t<p>S\u00e9 parte de la transformaci\u00f3n de m\u00e1s vidas. Escribinos al +542215579230 #privadosdelalibertad #prisonfellowshipinternational #prisioneros #confraternidadcarcelariaargentina .<\/p>\n\t\t<\/div>\n\t\t\n\t\t<a class=\"elementor-post__read-more\" href=\"https:\/\/ccargentina.org\/index.php\/2025\/01\/17\/vos-podes-ser-parte-sumate\/\" aria-label=\"Read more about Vos pod\u00e9s ser parte, s\u00famate.\" tabindex=\"-1\" >\n\t\t\tLeer mas\t\t<\/a>\n\n\t\t\t\t<\/div>\n\t\t\t\t<\/article>\n\t\t\t\t<article class=\"elementor-post elementor-grid-item post-2673 post type-post status-publish format-standard has-post-thumbnail hentry category-noticias\" role=\"listitem\">\n\t\t\t\t<a class=\"elementor-post__thumbnail__link\" href=\"https:\/\/ccargentina.org\/index.php\/2025\/01\/17\/8m-conmemoracion-dia-de-la-mujer\/\" tabindex=\"-1\" >\n\t\t\t<div class=\"elementor-post__thumbnail\"><img loading=\"lazy\" decoding=\"async\" width=\"300\" height=\"300\" src=\"https:\/\/ccargentina.org\/wp-content\/uploads\/2024\/03\/FB_IMG_1709939948003-300x300.jpg\" class=\"attachment-medium size-medium wp-image-2674\" alt=\"\" srcset=\"https:\/\/ccargentina.org\/wp-content\/uploads\/2024\/03\/FB_IMG_1709939948003-300x300.jpg 300w, https:\/\/ccargentina.org\/wp-content\/uploads\/2024\/03\/FB_IMG_1709939948003-1024x1024.jpg 1024w, https:\/\/ccargentina.org\/wp-content\/uploads\/2024\/03\/FB_IMG_1709939948003-150x150.jpg 150w, https:\/\/ccargentina.org\/wp-content\/uploads\/2024\/03\/FB_IMG_1709939948003-768x768.jpg 768w, https:\/\/ccargentina.org\/wp-content\/uploads\/2024\/03\/FB_IMG_1709939948003.jpg 1080w\" sizes=\"(max-width: 300px) 100vw, 300px\" \/><\/div>\n\t\t<\/a>\n\t\t\t\t<div class=\"elementor-post__text\">\n\t\t\t\t<h3 class=\"elementor-post__title\">\n\t\t\t<a href=\"https:\/\/ccargentina.org\/index.php\/2025\/01\/17\/8m-conmemoracion-dia-de-la-mujer\/\" >\n\t\t\t\t8M Conmemoraci\u00f3n dia de La Mujer\t\t\t<\/a>\n\t\t<\/h3>\n\t\t\t\t<div class=\"elementor-post__meta-data\">\n\t\t\t\t\t<span class=\"elementor-post-date\">\n\t\t\t17 de enero de 2025\t\t<\/span>\n\t\t\t\t<span class=\"elementor-post-avatar\">\n\t\t\tNo hay comentarios\t\t<\/span>\n\t\t\t\t<\/div>\n\t\t\t\t<div class=\"elementor-post__excerpt\">\n\t\t\t<p>Amamos y valoramos a la #mujer, somos honrados de servir junto a muchas de ellas dentro y fuera de las c\u00e1rceles. &nbsp; Que en este<\/p>\n\t\t<\/div>\n\t\t\n\t\t<a class=\"elementor-post__read-more\" href=\"https:\/\/ccargentina.org\/index.php\/2025\/01\/17\/8m-conmemoracion-dia-de-la-mujer\/\" aria-label=\"Read more about 8M Conmemoraci\u00f3n dia de La Mujer\" tabindex=\"-1\" >\n\t\t\tLeer mas\t\t<\/a>\n\n\t\t\t\t<\/div>\n\t\t\t\t<\/article>\n\t\t\t\t<article class=\"elementor-post elementor-grid-item post-2642 post type-post status-publish format-standard has-post-thumbnail hentry category-noticias\" role=\"listitem\">\n\t\t\t\t<a class=\"elementor-post__thumbnail__link\" href=\"https:\/\/ccargentina.org\/index.php\/2025\/01\/17\/dia-internacional-del-agradecimiento\/\" tabindex=\"-1\" >\n\t\t\t<div class=\"elementor-post__thumbnail\"><img loading=\"lazy\" decoding=\"async\" width=\"300\" height=\"294\" src=\"https:\/\/ccargentina.org\/wp-content\/uploads\/2024\/01\/Screenshot_20240111-210427-300x294.png\" class=\"attachment-medium size-medium wp-image-2658\" alt=\"\" srcset=\"https:\/\/ccargentina.org\/wp-content\/uploads\/2024\/01\/Screenshot_20240111-210427-300x294.png 300w, https:\/\/ccargentina.org\/wp-content\/uploads\/2024\/01\/Screenshot_20240111-210427-1024x1003.png 1024w, https:\/\/ccargentina.org\/wp-content\/uploads\/2024\/01\/Screenshot_20240111-210427-768x752.png 768w, https:\/\/ccargentina.org\/wp-content\/uploads\/2024\/01\/Screenshot_20240111-210427.png 1080w\" sizes=\"(max-width: 300px) 100vw, 300px\" \/><\/div>\n\t\t<\/a>\n\t\t\t\t<div class=\"elementor-post__text\">\n\t\t\t\t<h3 class=\"elementor-post__title\">\n\t\t\t<a href=\"https:\/\/ccargentina.org\/index.php\/2025\/01\/17\/dia-internacional-del-agradecimiento\/\" >\n\t\t\t\tD\u00eda internacional del agradecimiento\t\t\t<\/a>\n\t\t<\/h3>\n\t\t\t\t<div class=\"elementor-post__meta-data\">\n\t\t\t\t\t<span class=\"elementor-post-date\">\n\t\t\t17 de enero de 2025\t\t<\/span>\n\t\t\t\t<span class=\"elementor-post-avatar\">\n\t\t\tNo hay comentarios\t\t<\/span>\n\t\t\t\t<\/div>\n\t\t\t\t<div class=\"elementor-post__excerpt\">\n\t\t\t<p>Hoy se celebra en todo el mundo el D\u00cdA INTERNACIONAL DEL AGRADECIMIENTO, pero nosotros por el amor de Dios hacia nuestras vidas somos animados a<\/p>\n\t\t<\/div>\n\t\t\n\t\t<a class=\"elementor-post__read-more\" href=\"https:\/\/ccargentina.org\/index.php\/2025\/01\/17\/dia-internacional-del-agradecimiento\/\" aria-label=\"Read more about D\u00eda internacional del agradecimiento\" tabindex=\"-1\" >\n\t\t\tLeer mas\t\t<\/a>\n\n\t\t\t\t<\/div>\n\t\t\t\t<\/article>\n\t\t\t\t<article class=\"elementor-post elementor-grid-item post-2634 post type-post status-publish format-standard has-post-thumbnail hentry category-noticias\" role=\"listitem\">\n\t\t\t\t<a class=\"elementor-post__thumbnail__link\" href=\"https:\/\/ccargentina.org\/index.php\/2025\/01\/17\/colaboracion\/\" tabindex=\"-1\" >\n\t\t\t<div class=\"elementor-post__thumbnail\"><img loading=\"lazy\" decoding=\"async\" width=\"169\" height=\"300\" src=\"https:\/\/ccargentina.org\/wp-content\/uploads\/2023\/12\/IMG-20231216-WA0015-169x300.jpg\" class=\"attachment-medium size-medium wp-image-2636\" alt=\"\" srcset=\"https:\/\/ccargentina.org\/wp-content\/uploads\/2023\/12\/IMG-20231216-WA0015-169x300.jpg 169w, https:\/\/ccargentina.org\/wp-content\/uploads\/2023\/12\/IMG-20231216-WA0015-576x1024.jpg 576w, https:\/\/ccargentina.org\/wp-content\/uploads\/2023\/12\/IMG-20231216-WA0015-768x1366.jpg 768w, https:\/\/ccargentina.org\/wp-content\/uploads\/2023\/12\/IMG-20231216-WA0015-864x1536.jpg 864w, https:\/\/ccargentina.org\/wp-content\/uploads\/2023\/12\/IMG-20231216-WA0015.jpg 899w\" sizes=\"(max-width: 169px) 100vw, 169px\" \/><\/div>\n\t\t<\/a>\n\t\t\t\t<div class=\"elementor-post__text\">\n\t\t\t\t<h3 class=\"elementor-post__title\">\n\t\t\t<a href=\"https:\/\/ccargentina.org\/index.php\/2025\/01\/17\/colaboracion\/\" >\n\t\t\t\tColaboraci\u00f3n\t\t\t<\/a>\n\t\t<\/h3>\n\t\t\t\t<div class=\"elementor-post__meta-data\">\n\t\t\t\t\t<span class=\"elementor-post-date\">\n\t\t\t17 de enero de 2025\t\t<\/span>\n\t\t\t\t<span class=\"elementor-post-avatar\">\n\t\t\tNo hay comentarios\t\t<\/span>\n\t\t\t\t<\/div>\n\t\t\t\t<div class=\"elementor-post__excerpt\">\n\t\t\t<p>ESTAMOS REUNIENDO donaciones en especie (globos, chupetines, caramelos o pintura art\u00edstica) o efectivo para comprar lo que falte. Queremos llevarle a los ni\u00f1os que est\u00e1n<\/p>\n\t\t<\/div>\n\t\t\n\t\t<a class=\"elementor-post__read-more\" href=\"https:\/\/ccargentina.org\/index.php\/2025\/01\/17\/colaboracion\/\" aria-label=\"Read more about Colaboraci\u00f3n\" tabindex=\"-1\" >\n\t\t\tLeer mas\t\t<\/a>\n\n\t\t\t\t<\/div>\n\t\t\t\t<\/article>\n\t\t\t\t<article class=\"elementor-post elementor-grid-item post-2624 post type-post status-publish format-standard has-post-thumbnail hentry category-noticias\" role=\"listitem\">\n\t\t\t\t<a class=\"elementor-post__thumbnail__link\" href=\"https:\/\/ccargentina.org\/index.php\/2025\/01\/17\/2624\/\" tabindex=\"-1\" >\n\t\t\t<div class=\"elementor-post__thumbnail\"><img loading=\"lazy\" decoding=\"async\" width=\"300\" height=\"251\" src=\"https:\/\/ccargentina.org\/wp-content\/uploads\/2023\/11\/capacitaciones-de-noviembre-300x251.png\" class=\"attachment-medium size-medium wp-image-2629\" alt=\"\" srcset=\"https:\/\/ccargentina.org\/wp-content\/uploads\/2023\/11\/capacitaciones-de-noviembre-300x251.png 300w, https:\/\/ccargentina.org\/wp-content\/uploads\/2023\/11\/capacitaciones-de-noviembre-768x644.png 768w, https:\/\/ccargentina.org\/wp-content\/uploads\/2023\/11\/capacitaciones-de-noviembre.png 940w\" sizes=\"(max-width: 300px) 100vw, 300px\" \/><\/div>\n\t\t<\/a>\n\t\t\t\t<div class=\"elementor-post__text\">\n\t\t\t\t<h3 class=\"elementor-post__title\">\n\t\t\t<a href=\"https:\/\/ccargentina.org\/index.php\/2025\/01\/17\/2624\/\" >\n\t\t\t\tEste S\u00e1bado 25 Capacitaci\u00f3n Programa La Verdad te har\u00e1 libre\t\t\t<\/a>\n\t\t<\/h3>\n\t\t\t\t<div class=\"elementor-post__meta-data\">\n\t\t\t\t\t<span class=\"elementor-post-date\">\n\t\t\t17 de enero de 2025\t\t<\/span>\n\t\t\t\t<span class=\"elementor-post-avatar\">\n\t\t\tNo hay comentarios\t\t<\/span>\n\t\t\t\t<\/div>\n\t\t\t\t<div class=\"elementor-post__excerpt\">\n\t\t\t<p>Una de las formas de romper el c\u00edrculo delictivo es abordar la problem\u00e1tica de las adicciones\u00a0de manera integral. &nbsp; En la Confraternidad Carcelaria Argentina estamos<\/p>\n\t\t<\/div>\n\t\t\n\t\t<a class=\"elementor-post__read-more\" href=\"https:\/\/ccargentina.org\/index.php\/2025\/01\/17\/2624\/\" aria-label=\"Read more about Este S\u00e1bado 25 Capacitaci\u00f3n Programa La Verdad te har\u00e1 libre\" tabindex=\"-1\" >\n\t\t\tLeer mas\t\t<\/a>\n\n\t\t\t\t<\/div>\n\t\t\t\t<\/article>\n\t\t\t\t<article class=\"elementor-post elementor-grid-item post-2563 post type-post status-publish format-standard has-post-thumbnail hentry category-noticias\" role=\"listitem\">\n\t\t\t\t<a class=\"elementor-post__thumbnail__link\" href=\"https:\/\/ccargentina.org\/index.php\/2025\/01\/17\/vos-tambien-podes-ser-parte-sumate\/\" tabindex=\"-1\" >\n\t\t\t<div class=\"elementor-post__thumbnail\"><img loading=\"lazy\" decoding=\"async\" width=\"300\" height=\"300\" src=\"https:\/\/ccargentina.org\/wp-content\/uploads\/2023\/11\/FB_IMG_1699932119222-300x300.jpg\" class=\"attachment-medium size-medium wp-image-2564\" alt=\"\" srcset=\"https:\/\/ccargentina.org\/wp-content\/uploads\/2023\/11\/FB_IMG_1699932119222-300x300.jpg 300w, https:\/\/ccargentina.org\/wp-content\/uploads\/2023\/11\/FB_IMG_1699932119222-1024x1024.jpg 1024w, https:\/\/ccargentina.org\/wp-content\/uploads\/2023\/11\/FB_IMG_1699932119222-150x150.jpg 150w, https:\/\/ccargentina.org\/wp-content\/uploads\/2023\/11\/FB_IMG_1699932119222-768x768.jpg 768w, https:\/\/ccargentina.org\/wp-content\/uploads\/2023\/11\/FB_IMG_1699932119222.jpg 1080w\" sizes=\"(max-width: 300px) 100vw, 300px\" \/><\/div>\n\t\t<\/a>\n\t\t\t\t<div class=\"elementor-post__text\">\n\t\t\t\t<h3 class=\"elementor-post__title\">\n\t\t\t<a href=\"https:\/\/ccargentina.org\/index.php\/2025\/01\/17\/vos-tambien-podes-ser-parte-sumate\/\" >\n\t\t\t\tVos tambi\u00e9n pod\u00e9s ser parte, S\u00daMATE\t\t\t<\/a>\n\t\t<\/h3>\n\t\t\t\t<div class=\"elementor-post__meta-data\">\n\t\t\t\t\t<span class=\"elementor-post-date\">\n\t\t\t17 de enero de 2025\t\t<\/span>\n\t\t\t\t<span class=\"elementor-post-avatar\">\n\t\t\tNo hay comentarios\t\t<\/span>\n\t\t\t\t<\/div>\n\t\t\t\t<div class=\"elementor-post__excerpt\">\n\t\t\t<p>Te invitamos a sumarte a nuestro servicio con los prisioneros, las familias, las v\u00edctimas del delito y las personas en adicci\u00f3n o en situaci\u00f3n de<\/p>\n\t\t<\/div>\n\t\t\n\t\t<a class=\"elementor-post__read-more\" href=\"https:\/\/ccargentina.org\/index.php\/2025\/01\/17\/vos-tambien-podes-ser-parte-sumate\/\" aria-label=\"Read more about Vos tambi\u00e9n pod\u00e9s ser parte, S\u00daMATE\" tabindex=\"-1\" >\n\t\t\tLeer mas\t\t<\/a>\n\n\t\t\t\t<\/div>\n\t\t\t\t<\/article>\n\t\t\t\t<article class=\"elementor-post elementor-grid-item post-2517 post type-post status-publish format-standard has-post-thumbnail hentry category-noticias\" role=\"listitem\">\n\t\t\t\t<a class=\"elementor-post__thumbnail__link\" href=\"https:\/\/ccargentina.org\/index.php\/2025\/01\/17\/nuevas-capacitaciones-gratuitas-sobre-adicciones-el-marco-del-programa-la-verdad-te-hara-libre\/\" tabindex=\"-1\" >\n\t\t\t<div class=\"elementor-post__thumbnail\"><img loading=\"lazy\" decoding=\"async\" width=\"300\" height=\"251\" src=\"https:\/\/ccargentina.org\/wp-content\/uploads\/2023\/11\/FB_IMG_1699560253675-300x251.jpg\" class=\"attachment-medium size-medium wp-image-2518\" alt=\"\" srcset=\"https:\/\/ccargentina.org\/wp-content\/uploads\/2023\/11\/FB_IMG_1699560253675-300x251.jpg 300w, https:\/\/ccargentina.org\/wp-content\/uploads\/2023\/11\/FB_IMG_1699560253675-768x644.jpg 768w, https:\/\/ccargentina.org\/wp-content\/uploads\/2023\/11\/FB_IMG_1699560253675.jpg 940w\" sizes=\"(max-width: 300px) 100vw, 300px\" \/><\/div>\n\t\t<\/a>\n\t\t\t\t<div class=\"elementor-post__text\">\n\t\t\t\t<h3 class=\"elementor-post__title\">\n\t\t\t<a href=\"https:\/\/ccargentina.org\/index.php\/2025\/01\/17\/nuevas-capacitaciones-gratuitas-sobre-adicciones-el-marco-del-programa-la-verdad-te-hara-libre\/\" >\n\t\t\t\tNUEVAS CAPACITACIONES GRATUITAS SOBRE Adicciones el marco del Programa: La verdad te har\u00e1 libre.\t\t\t<\/a>\n\t\t<\/h3>\n\t\t\t\t<div class=\"elementor-post__meta-data\">\n\t\t\t\t\t<span class=\"elementor-post-date\">\n\t\t\t17 de enero de 2025\t\t<\/span>\n\t\t\t\t<span class=\"elementor-post-avatar\">\n\t\t\tNo hay comentarios\t\t<\/span>\n\t\t\t\t<\/div>\n\t\t\t\t<div class=\"elementor-post__excerpt\">\n\t\t\t<p>NUEVAS #CAPACITACIONES GRATUITAS SOBRE ADICCIONES En el marco del Programa &#8220;La verdad te har\u00e1 libre&#8221; para el tratamiento y abordaje de las #adicciones, organizamos una<\/p>\n\t\t<\/div>\n\t\t\n\t\t<a class=\"elementor-post__read-more\" href=\"https:\/\/ccargentina.org\/index.php\/2025\/01\/17\/nuevas-capacitaciones-gratuitas-sobre-adicciones-el-marco-del-programa-la-verdad-te-hara-libre\/\" aria-label=\"Read more about NUEVAS CAPACITACIONES GRATUITAS SOBRE Adicciones el marco del Programa: La verdad te har\u00e1 libre.\" tabindex=\"-1\" >\n\t\t\tLeer mas\t\t<\/a>\n\n\t\t\t\t<\/div>\n\t\t\t\t<\/article>\n\t\t\t\t<article class=\"elementor-post elementor-grid-item post-2621 post type-post status-publish format-standard hentry category-noticias\" role=\"listitem\">\n\t\t\t\t<div class=\"elementor-post__text\">\n\t\t\t\t<h3 class=\"elementor-post__title\">\n\t\t\t<a href=\"https:\/\/ccargentina.org\/index.php\/2025\/01\/10\/__trashed-2\/\" >\n\t\t\t\tEste s\u00e1bado 25 Capacitaci\u00f3n del programa La Verdad Te Har\u00e1 Libre\t\t\t<\/a>\n\t\t<\/h3>\n\t\t\t\t<div class=\"elementor-post__meta-data\">\n\t\t\t\t\t<span class=\"elementor-post-date\">\n\t\t\t10 de enero de 2025\t\t<\/span>\n\t\t\t\t<span class=\"elementor-post-avatar\">\n\t\t\tNo hay comentarios\t\t<\/span>\n\t\t\t\t<\/div>\n\t\t\t\t<div class=\"elementor-post__excerpt\">\n\t\t\t\t\t<\/div>\n\t\t\n\t\t<a class=\"elementor-post__read-more\" href=\"https:\/\/ccargentina.org\/index.php\/2025\/01\/10\/__trashed-2\/\" aria-label=\"Read more about Este s\u00e1bado 25 Capacitaci\u00f3n del programa La Verdad Te Har\u00e1 Libre\" tabindex=\"-1\" >\n\t\t\tLeer mas\t\t<\/a>\n\n\t\t\t\t<\/div>\n\t\t\t\t<\/article>\n\t\t\t\t<article class=\"elementor-post elementor-grid-item post-2609 post type-post status-publish format-standard hentry category-noticias\" role=\"listitem\">\n\t\t\t\t<div class=\"elementor-post__text\">\n\t\t\t\t<h3 class=\"elementor-post__title\">\n\t\t\t<a href=\"https:\/\/ccargentina.org\/index.php\/2025\/01\/10\/__trashed-3\/\" >\n\t\t\t\tMercado Pago\t\t\t<\/a>\n\t\t<\/h3>\n\t\t\t\t<div class=\"elementor-post__meta-data\">\n\t\t\t\t\t<span class=\"elementor-post-date\">\n\t\t\t10 de enero de 2025\t\t<\/span>\n\t\t\t\t<span class=\"elementor-post-avatar\">\n\t\t\tNo hay comentarios\t\t<\/span>\n\t\t\t\t<\/div>\n\t\t\t\t<div class=\"elementor-post__excerpt\">\n\t\t\t<p>Donaciones\u00a0<\/p>\n\t\t<\/div>\n\t\t\n\t\t<a class=\"elementor-post__read-more\" href=\"https:\/\/ccargentina.org\/index.php\/2025\/01\/10\/__trashed-3\/\" aria-label=\"Read more about Mercado Pago\" tabindex=\"-1\" >\n\t\t\tLeer mas\t\t<\/a>\n\n\t\t\t\t<\/div>\n\t\t\t\t<\/article>\n\t\t\t\t<\/div>\n\t\t\n\t\t\t\t\t\t<\/div>\n\t\t\t\t<\/div>\n\t\t\t\t\t<\/div>\n\t\t<\/div>\n\t\t\t\t\t<\/div>\n\t\t<\/section>\n\t\t\t\t<\/div>\n\t\t","protected":false},"excerpt":{"rendered":"","protected":false},"author":1,"featured_media":0,"parent":0,"menu_order":0,"comment_status":"closed","ping_status":"closed","template":"elementor_theme","meta":{"site-sidebar-layout":"default","site-content-layout":"","ast-site-content-layout":"default","site-content-style":"default","site-sidebar-style":"default","ast-global-header-display":"","ast-banner-title-visibility":"","ast-main-header-display":"","ast-hfb-above-header-display":"","ast-hfb-below-header-display":"","ast-hfb-mobile-header-display":"","site-post-title":"","ast-breadcrumbs-content":"","ast-featured-img":"","footer-sml-layout":"","ast-disable-related-posts":"","theme-transparent-header-meta":"","adv-header-id-meta":"","stick-header-meta":"","header-above-stick-meta":"","header-main-stick-meta":"","header-below-stick-meta":"","astra-migrate-meta-layouts":"default","ast-page-background-enabled":"default","ast-page-background-meta":{"desktop":{"background-color":"var(--ast-global-color-4)","background-image":"","background-repeat":"repeat","background-position":"center center","background-size":"auto","background-attachment":"scroll","background-type":"","background-media":"","overlay-type":"","overlay-color":"","overlay-opacity":"","overlay-gradient":""},"tablet":{"background-color":"","background-image":"","background-repeat":"repeat","background-position":"center center","background-size":"auto","background-attachment":"scroll","background-type":"","background-media":"","overlay-type":"","overlay-color":"","overlay-opacity":"","overlay-gradient":""},"mobile":{"background-color":"","background-image":"","background-repeat":"repeat","background-position":"center center","background-size":"auto","background-attachment":"scroll","background-type":"","background-media":"","overlay-type":"","overlay-color":"","overlay-opacity":"","overlay-gradient":""}},"ast-content-background-meta":{"desktop":{"background-color":"var(--ast-global-color-5)","background-image":"","background-repeat":"repeat","background-position":"center center","background-size":"auto","background-attachment":"scroll","background-type":"","background-media":"","overlay-type":"","overlay-color":"","overlay-opacity":"","overlay-gradient":""},"tablet":{"background-color":"var(--ast-global-color-5)","background-image":"","background-repeat":"repeat","background-position":"center center","background-size":"auto","background-attachment":"scroll","background-type":"","background-media":"","overlay-type":"","overlay-color":"","overlay-opacity":"","overlay-gradient":""},"mobile":{"background-color":"var(--ast-global-color-5)","background-image":"","background-repeat":"repeat","background-position":"center center","background-size":"auto","background-attachment":"scroll","background-type":"","background-media":"","overlay-type":"","overlay-color":"","overlay-opacity":"","overlay-gradient":""}},"_kadence_starter_templates_imported_post":false,"footnotes":""},"class_list":["post-1344","page","type-page","status-publish","hentry"],"_links":{"self":[{"href":"https:\/\/ccargentina.org\/index.php\/wp-json\/wp\/v2\/pages\/1344","targetHints":{"allow":["GET"]}}],"collection":[{"href":"https:\/\/ccargentina.org\/index.php\/wp-json\/wp\/v2\/pages"}],"about":[{"href":"https:\/\/ccargentina.org\/index.php\/wp-json\/wp\/v2\/types\/page"}],"author":[{"embeddable":true,"href":"https:\/\/ccargentina.org\/index.php\/wp-json\/wp\/v2\/users\/1"}],"replies":[{"embeddable":true,"href":"https:\/\/ccargentina.org\/index.php\/wp-json\/wp\/v2\/comments?post=1344"}],"version-history":[{"count":140,"href":"https:\/\/ccargentina.org\/index.php\/wp-json\/wp\/v2\/pages\/1344\/revisions"}],"predecessor-version":[{"id":2559,"href":"https:\/\/ccargentina.org\/index.php\/wp-json\/wp\/v2\/pages\/1344\/revisions\/2559"}],"wp:attachment":[{"href":"https:\/\/ccargentina.org\/index.php\/wp-json\/wp\/v2\/media?parent=1344"}],"curies":[{"name":"wp","href":"https:\/\/api.w.org\/{rel}","templated":true}]}}